{"id":3944,"date":"2018-07-20T12:09:40","date_gmt":"2018-07-20T12:09:40","guid":{"rendered":"http:\/\/www.mediaeducationcentre.eu\/eng\/?page_id=3944"},"modified":"2023-10-15T13:47:59","modified_gmt":"2023-10-15T13:47:59","slug":"danube-for-peace-novi-sad-2018","status":"publish","type":"page","link":"https:\/\/www.mediaeducationcentre.eu\/eng\/?page_id=3944","title":{"rendered":"Danube for Peace"},"content":{"rendered":"<p><img loading=\"lazy\" decoding=\"async\" class=\"aligncenter size-medium wp-image-3945\" src=\"http:\/\/www.mediaeducationcentre.eu\/eng\/wp-content\/uploads\/2018\/07\/DanubeForPeaceNS-620x620.png\" alt=\"\" width=\"620\" height=\"620\" srcset=\"https:\/\/www.mediaeducationcentre.eu\/eng\/wp-content\/uploads\/2018\/07\/DanubeForPeaceNS-620x620.png 620w, https:\/\/www.mediaeducationcentre.eu\/eng\/wp-content\/uploads\/2018\/07\/DanubeForPeaceNS-300x300.png 300w, https:\/\/www.mediaeducationcentre.eu\/eng\/wp-content\/uploads\/2018\/07\/DanubeForPeaceNS-768x768.png 768w, https:\/\/www.mediaeducationcentre.eu\/eng\/wp-content\/uploads\/2018\/07\/DanubeForPeaceNS.png 902w\" sizes=\"auto, (max-width: 620px) 100vw, 620px\" \/><\/p>\n<p><strong>Dunav za Mir<br \/>\nMedijski edukativni centar i OPENS 2019<br \/>\nNovi Sad, od 6. do 11. avgusta 2018.<\/strong><\/p>\n<p>Mir i razvoj mirovne pismenosti su osnove gra\u0111anskog obrazovanja. Dunav za mir u Novom Sadu je kompilacija tri osnovna projekta Medijskog edukativnog centra: rada na UNESKO projektu stvaranja poverenja u medije, rada na stvaranju alatki za razvoj globalnog gra\u0111anskog obrazovanja i razvoj i unapre\u0111enje saradnje mladih u regionu Dunava.<\/p>\n<p>Sve na\u0161e trenutne aktivnosti su usmerene na primeni ste\u010denih znanja i ve\u0161tina iz prethodnih aktivnosti i projekata na pripremu za projekat MOST 47 koji je usmeren ka realizaciji cilja 4, ta\u010dke 7 Agende 2030 (nagla\u0161avam da je cilj 4 ta\u010dka 7 neophodan uslov za realizaciju svih ostalih ciljeva Agende):<\/p>\n<p>Cilj 4: Obezbediti inkluzivno i kvalitetno obrazovanje i promovisati mogu\u0107nosti celo\u017eivotnog u\u010denja za sve! Zadatak 7: Obezbediti da svi u\u010denici steknu znanja i ve\u0161tine potrebne da se unapredi odr\u017eivi razvoj, izme\u0111u ostalog i putem obrazovanja za odr\u017eivi razvoj, unaprediti i odr\u017eive stilove \u017eivota, ljudska prava, rodnu ravnopravnost, kao i promovisati kulturu mira i nenasilja, pripadnosti globalnoj zajednici, po\u0161tovanja kulturnih raznolikosti i doprinosa kulture odr\u017eivom razvoju.<\/p>\n<p>Rad na realizaciji projekta na nacionalnom i me\u0111unarodnom nivou ima \u010detiri osnovna elementa:<\/p>\n<ul>\n<li>Globalno umre\u017eavanje,<\/li>\n<li>Podr\u0161ka razvoju strategija i politika globalnog obrazovanja i odr\u017eivog razvoja,<\/li>\n<li>Partnerstvo za odr\u017eivi razvoj i<\/li>\n<li>Inovacije u razmeni znanja i iskustava za odr\u017eivi razvoj.<\/li>\n<\/ul>\n<p>Na\u0161 zadatak je da u Srbiji razvijemo najmanje dva partnerstva:<\/p>\n<ul>\n<li>Partnerstvo za razvoj strategija i politika odr\u017eivog razvoja i<\/li>\n<li>Istra\u017eiva\u010dko partnerstvo za globalno obrazovanje i odr\u017eivi razvoj (u koje bismo uklju\u010dili javno-privatno-nevladine institucije kao i organizacije i institucije koje se do sada nisu primarno bavile globalnim obrazovanjem i odr\u017eivim razvojem).<\/li>\n<\/ul>\n<p>Posebno se trudimo i da uklju\u010dimo Srbiju u me\u0111unarodno partnerstvo za razmenu znanja i iskustava kao doprinos uspe\u0161nom globalnom gra\u0111anskom vaspitanju. Obaveza nam je da pokrenemo i bar jedno partnerstvo zapadnobalkanskih i\/ili dunavskih zemalja i aktivno doprinesemo uspehu tog partnerstva u razmeni znanja, ve\u0161tina i dobre prakse.<\/p>\n<p>Tokom razvoja projekta nameravamo da udru\u017eimo:<\/p>\n<ul>\n<li>Globalno obrazovanje za (odr\u017eivi) razvoj (u kojem u\u010destvujemo nekoliko godina, a Va\u0161e Ministarstvo je nosilac aktivnosti) sa<\/li>\n<li>Medijskom i informativnom kulturom (planira se nastavak EU-UNESKO projekta stvaranja poverenja u medije) i da dodamo<\/li>\n<li>Razvoj vizuelne kulture i digitalnog obrazovanja.<\/li>\n<\/ul>\n<p>Na ovaj na\u010din bi u\u010desnici u razvoju projekta dobili, osim strategija, preporuka i politika, i prakti\u010dna sredstva neophodna za stvaranje aktivnih gra\u0111ana (mladih!) koji bi se uklju\u010dili u rad na promociji i postizanju ciljeva odr\u017eivog razvoja.<\/p>\n<p>Dunav za mir u Novom Sadu je prvi korak u pripremi za realizaciju MOSTA 47 i stvaranja uslova za postizanje ciljeva odr\u017eivog razvoja. Na\u0161a je namera da uz podr\u0161ku OPENS-a razvoju ovog projekta realizujemo do kraja 2020. godine:<\/p>\n<ul>\n<li>Informativno-obrazovne seminare i radionice koje bi bile efikasna priprema za savetovanje o preporukama, strategijama, politikama i mapi puta ispunjenja ciljeva odr\u017eivog razvoja,<\/li>\n<li>Niz laboratorija-radionica i prezentacija u cilju podizanje kapaciteta neophodnih za postizanje ciljeva odr\u017eivog razvoja pomo\u0107u dru\u0161tvene, gra\u0111anske, ekonomske i ekolo\u0161ke odgovornosti. U ovom segmentu nam je prioritet uklju\u010divanje mladih iz cele Srbije preko Kancelarija za mlade, ali i univerzitetskih studenata, mladih \u010dlanova sportskih organizacija, mladih umetnika, novinara, filmskih i TV stvaraoca,<\/li>\n<li>Promociju odr\u017eivih stilova \u017eivota kao uslova za zdravo odrastanje,<\/li>\n<li>Poziv na \u0161iroki i ravnopravni pristup pravima koja mladi imaju i njihova promocija,<\/li>\n<li>Podsticanje na stvaranje uslova za mobilnost mladih, realni i virtuelni volonterizam i praksu,<\/li>\n<li>Stvaranju uslova za efikasnu saradnju javnog, privatnog i nevladinog sektora,<\/li>\n<li>U\u010destvovanje u kampanjama za slobodu govora, a protiv govora mr\u017enje i (nasilnog i nenasilnog) ekstremizma.<\/li>\n<\/ul>\n<p><strong>Mladi treba da budu najva\u017eniji u\u010desnici jer \u0107e oni 2030. godine biti na liderskim pozicijama i imati najvi\u0161e koristi od aktivnosti i rezultata ovog projekta. Ovim projektom mo\u017eemo doprineti i stvaranju jasne vizije i svesti o va\u017enosti odr\u017eivog razvoja pomo\u0107u podizanja dru\u0161tvenih, ekonomskih, ekolo\u0161kih i gra\u0111anskih kapaciteta i odgovornosti svih u\u010desnika-saradnika-partnera.<\/strong><\/p>\n<p><img loading=\"lazy\" decoding=\"async\" class=\"irc_mi\" src=\"http:\/\/www.scns.rs\/wp-content\/flagallery\/sd-zivojin-culum\/webview\/na0.jpg\" alt=\"Rezultat slika za dom zivojin culum ns\" width=\"1031\" height=\"387\" \/><\/p>\n<p><a href=\"http:\/\/www.mediaeducationcentre.eu\/eng\/wp-content\/uploads\/2018\/08\/MapaNS_Smestaj.jpg\" rel=\"lightbox[3944]\"><img loading=\"lazy\" decoding=\"async\" class=\"aligncenter wp-image-3955 size-medium\" src=\"http:\/\/www.mediaeducationcentre.eu\/eng\/wp-content\/uploads\/2018\/08\/MapaNS_Smestaj-620x450.jpg\" alt=\"\" width=\"620\" height=\"450\" srcset=\"https:\/\/www.mediaeducationcentre.eu\/eng\/wp-content\/uploads\/2018\/08\/MapaNS_Smestaj-620x450.jpg 620w, https:\/\/www.mediaeducationcentre.eu\/eng\/wp-content\/uploads\/2018\/08\/MapaNS_Smestaj-300x218.jpg 300w, https:\/\/www.mediaeducationcentre.eu\/eng\/wp-content\/uploads\/2018\/08\/MapaNS_Smestaj-768x557.jpg 768w, https:\/\/www.mediaeducationcentre.eu\/eng\/wp-content\/uploads\/2018\/08\/MapaNS_Smestaj.jpg 896w\" sizes=\"auto, (max-width: 620px) 100vw, 620px\" \/><\/a><\/p>\n<p><strong>U\u010desnici radionice bi\u0107e sme\u0161teni u kampus novosadskog Univerziteta u dvokrevetne sobe sa kupatilom u Studentski dom \u201c\u017divojin \u0106ulum\u201d, Bulevar despota Stefana 5\u0410, Novi Sad 21000 <\/strong><\/p>\n<p><strong>AGENDA:<\/strong><\/p>\n<p><strong><u>Nedelja, 5. avgust<br \/>\n<\/u><\/strong>Posle 14h, dolazak u\u010desnika na recepciju SD \u201c\u017divojin \u0106ulum\u201d<\/p>\n<p>Prijava i sme\u0161taj u sobe<\/p>\n<p>19:00 \u00a0\u00a0\u00a0\u00a0 Ve\u010dera i slobodno vreme. Volonteri Novog Sada \u0107e pomo\u0107i u\u010desnicima da se orijenti\u0161u u gradu.<\/p>\n<p><strong>Ponedeljak, 6. avgust<\/strong><\/p>\n<p>09:30 \u00a0\u00a0\u00a0\u00a0 Doru\u010dak<\/p>\n<p>10:00 \u2013 13:00 \u0160etnja do centra Novog Sada<\/p>\n<p>14:00 \u2013 15:30 Ru\u010dak<\/p>\n<p>16:00 \u2013 18:00 Prva radionica: uvod i upoznavanje<\/p>\n<p>18:30 \u00a0\u00a0\u00a0\u00a0 Ve\u010dera i slobodno vreme<\/p>\n<p><strong>Utorak, 7. avgust<\/strong><\/p>\n<p>09:30 \u00a0\u00a0\u00a0\u00a0 Doru\u010dak<\/p>\n<p>10:00 \u2013 13:00 \u0160ta su nove pismenosti? Za\u0161to su va\u017ene za obrazovanje 21. veka?<\/p>\n<p>14:00 \u2013 15:30 Ru\u010dak<\/p>\n<p>16:00 \u2013 18:00 Ciljevi odr\u017eivog razvoja. Aktivni gra\u0111ani. Kako doprineti<\/p>\n<p>18:30\u00a0\u00a0\u00a0\u00a0 Ve\u010dera i slobodno vreme: mesta koja mladi vole u Novom Sadu sa volonterima<\/p>\n<p><strong>Sreda, 8. avgust<\/strong><\/p>\n<p>09:30 \u00a0\u00a0\u00a0\u00a0 Doru\u010dak<\/p>\n<p>10:00 \u2013 13:00 Vizuelna pismenost i ekspresija. Fotografija i film. Uvod u kreativni process: od price do slike!<\/p>\n<p>14:00 \u2013 15:30 Ru\u010dak<\/p>\n<p>16:00 \u2013 18:00 Predstavljanje ideja. Diskusija. Korekcije . Prvi koraci: stvaranje timova, prvi sinposisi i uvod u storyboard.<\/p>\n<p>18:30\u00a0\u00a0\u00a0\u00a0 Ve\u010dera i slobodno vreme<\/p>\n<p><strong>\u010cetvrtak, 9. Avgust<\/strong><\/p>\n<p>09:30 \u00a0\u00a0\u00a0\u00a0 Doru\u010dak<\/p>\n<p>10:00 \u2013 13:00 Priprema za produkcija. Produkcija<\/p>\n<p>14:00 \u2013 15:30 Ru\u010dak<\/p>\n<p>16:00 \u2013 18:00 Popodne na Dunavu (ako ne bude padala ki\u0161a)!<\/p>\n<p>18:30\u00a0\u00a0\u00a0\u00a0 Ve\u010dera i slobodno vreme<\/p>\n<p><strong>Petak, 10. avgust<\/strong><\/p>\n<p>09:30 \u00a0\u00a0\u00a0\u00a0 Doru\u010dak<\/p>\n<p>10:00 \u2013 13:00 Produkcija<\/p>\n<p>14:00 \u2013 15:30 Ru\u010dak<\/p>\n<p>16:00 \u2013 18:00 Produkcija<\/p>\n<p>18:30\u00a0\u00a0\u00a0\u00a0 Ve\u010dera i slobodno vreme<\/p>\n<p><strong>Subota, 11. avgust<\/strong><\/p>\n<p>09:30 \u00a0\u00a0\u00a0\u00a0 Doru\u010dak<\/p>\n<p>10:00 \u2013 13:00 Produkcija i post produkcija<\/p>\n<p>14:00 \u2013 15:30 Ru\u010dak<\/p>\n<p>16:00 \u2013 18:00 Produkcija i post produkcija<\/p>\n<p>18:30\u00a0\u00a0\u00a0\u00a0 Ve\u010dera, party i projekcije radova u\u010desnika radionice<\/p>\n<p><strong>Nedelja, 12. avgust<\/strong><\/p>\n<p>09:30 \u2013 10:00 Doru\u010dak<\/p>\n<p>Odlazak u\u010desnika<\/p>\n","protected":false},"excerpt":{"rendered":"<p>Dunav za Mir Medijski edukativni centar i OPENS 2019 Novi Sad, od 6. do 11. avgusta 2018. Mir i razvoj mirovne pismenosti su osnove gra\u0111anskog obrazovanja. Dunav za mir u Novom Sadu je kompilacija tri osnovna projekta Medijskog edukativnog centra: rada na UNESKO projektu stvaranja poverenja u medije, rada na <a class=\"more-link\" href=\"https:\/\/www.mediaeducationcentre.eu\/eng\/?page_id=3944\">Continue Reading \u2192<\/a><\/p>\n","protected":false},"author":12139,"featured_media":0,"parent":2763,"menu_order":1,"comment_status":"closed","ping_status":"closed","template":"","meta":{"_monsterinsights_skip_tracking":false,"_monsterinsights_sitenote_active":false,"_monsterinsights_sitenote_note":"","_monsterinsights_sitenote_category":0,"footnotes":""},"class_list":["post-3944","page","type-page","status-publish","hentry"],"_links":{"self":[{"href":"https:\/\/www.mediaeducationcentre.eu\/eng\/index.php?rest_route=\/wp\/v2\/pages\/3944","targetHints":{"allow":["GET"]}}],"collection":[{"href":"https:\/\/www.mediaeducationcentre.eu\/eng\/index.php?rest_route=\/wp\/v2\/pages"}],"about":[{"href":"https:\/\/www.mediaeducationcentre.eu\/eng\/index.php?rest_route=\/wp\/v2\/types\/page"}],"author":[{"embeddable":true,"href":"https:\/\/www.mediaeducationcentre.eu\/eng\/index.php?rest_route=\/wp\/v2\/users\/12139"}],"replies":[{"embeddable":true,"href":"https:\/\/www.mediaeducationcentre.eu\/eng\/index.php?rest_route=%2Fwp%2Fv2%2Fcomments&post=3944"}],"version-history":[{"count":3,"href":"https:\/\/www.mediaeducationcentre.eu\/eng\/index.php?rest_route=\/wp\/v2\/pages\/3944\/revisions"}],"predecessor-version":[{"id":5157,"href":"https:\/\/www.mediaeducationcentre.eu\/eng\/index.php?rest_route=\/wp\/v2\/pages\/3944\/revisions\/5157"}],"up":[{"embeddable":true,"href":"https:\/\/www.mediaeducationcentre.eu\/eng\/index.php?rest_route=\/wp\/v2\/pages\/2763"}],"wp:attachment":[{"href":"https:\/\/www.mediaeducationcentre.eu\/eng\/index.php?rest_route=%2Fwp%2Fv2%2Fmedia&parent=3944"}],"curies":[{"name":"wp","href":"https:\/\/api.w.org\/{rel}","templated":true}]}}